{"id":394,"date":"2013-03-07T10:33:44","date_gmt":"2013-03-07T10:33:44","guid":{"rendered":"http:\/\/localhost\/wordpress\/medicenter\/?page_id=394"},"modified":"2020-02-04T09:39:53","modified_gmt":"2020-02-04T08:39:53","slug":"ourdoctors","status":"publish","type":"page","link":"https:\/\/imagerielescedres.fr\/?page_id=394","title":{"rendered":"RADIOLOGUES"},"content":{"rendered":"<p>[vc_row top_margin=\u00a0\u00bbnone\u00a0\u00bb el_position=\u00a0\u00bbfirst last\u00a0\u00bb][vc_column top_margin=\u00a0\u00bbnone\u00a0\u00bb]<ul class=\"gallery_item_details_list clearfix page_margin_top\"><li id=\"gallery-details-dr-renaud-michardiere\" class=\"gallery_item_details clearfix\">\n\t\t\t\t\t<div class=\"columns no_width\">\n\t\t\t\t\t\t<div class=\"column_left\"><div class=\"gallery_box \"><span class=\"mc_preloader\"><\/span>\n\t\t\t\t\t\t\t\t\t<img loading=\"lazy\" decoding=\"async\" width=\"390\" height=\"300\" src=\"https:\/\/imagerielescedres.fr\/wp-content\/uploads\/2020\/02\/Dr-Renaud-Michardi\u00e8re-390x300.jpg\" class=\"mc_preload wp-post-image\" alt=\"Dr Renaud Michardi\u00e8re\" title=\"\" \/>\n\t\t\t\t\t\t\t\t\t<ul class=\"controls\">\n\t\t\t\t\t\t\t\t\t\t<li>\n\t\t\t\t\t\t\t\t\t\t\t<a href=\"https:\/\/imagerielescedres.fr\/wp-content\/uploads\/2020\/02\/Dr-Renaud-Michardi\u00e8re.jpg\" class=\"fancybox open_lightbox\" rel=\"featured_3578\" style=\"background-image: url('https:\/\/imagerielescedres.fr\/wp-content\/themes\/medicenter\/images\/icons_media\/blue_light\/image.png')\"><\/a>\n\t\t\t\t\t\t\t\t\t\t<\/li>\n\t\t\t\t\t\t\t\t\t<\/ul><div class=\"description\">\n\t\t\t\t\t\t\t\t\t\t<h3>Dr Renaud Michardi\u00e8re<\/h3>\n\t\t\t\t\t\t\t\t\t\t<h5><\/h5>\n\t\t\t\t\t\t\t\t\t<\/div><\/div><\/div>\n\t\t\t\t\t<div class=\"column_right\">\n\t\t\t\t\t\t<div class=\"details_box\"><h2 class=\"box_header animation-slide\"> Dr Renaud Michardi\u00e8re<\/h2><p><strong>M\u00e9decin radiologue<\/strong><\/p>\n<ul class=\"controls page_margin_top\">\n\t\t\t\t\t\t\t\t\t<li>\n\t\t\t\t\t\t\t\t\t\t<a href=\"#gallery-details-close\" class=\"close\"><\/a>\n\t\t\t\t\t\t\t\t\t<\/li>\n\t\t\t\t\t\t\t\t\t<li>\n\t\t\t\t\t\t\t\t\t\t<a href=\"#\" class=\"prev icon_small_arrow left_black\"><\/a>\n\t\t\t\t\t\t\t\t\t<\/li>\n\t\t\t\t\t\t\t\t\t<li>\n\t\t\t\t\t\t\t\t\t\t<a href=\"#\" class=\"next icon_small_arrow right_black\"><\/a>\n\t\t\t\t\t\t\t\t\t<\/li>\n\t\t\t\t\t\t\t\t<\/ul><\/div>\n\t\t\t\t\t<\/div>\n\t\t\t\t<\/div><li id=\"gallery-details-dr-edouard-gardan\" class=\"gallery_item_details clearfix\">\n\t\t\t\t\t<div class=\"columns no_width\">\n\t\t\t\t\t\t<div class=\"column_left\"><div class=\"gallery_box \"><span class=\"mc_preloader\"><\/span>\n\t\t\t\t\t\t\t\t\t<img loading=\"lazy\" decoding=\"async\" width=\"480\" height=\"300\" src=\"https:\/\/imagerielescedres.fr\/wp-content\/uploads\/2020\/02\/20200113_0923321-480x300.jpg\" class=\"mc_preload wp-post-image\" alt=\"Dr Edouard Gardan\" title=\"\" \/>\n\t\t\t\t\t\t\t\t\t<ul class=\"controls\">\n\t\t\t\t\t\t\t\t\t\t<li>\n\t\t\t\t\t\t\t\t\t\t\t<a href=\"https:\/\/imagerielescedres.fr\/wp-content\/uploads\/2020\/02\/20200113_0923321.jpg\" class=\"fancybox open_lightbox\" rel=\"featured_3574\" style=\"background-image: url('https:\/\/imagerielescedres.fr\/wp-content\/themes\/medicenter\/images\/icons_media\/blue_light\/image.png')\"><\/a>\n\t\t\t\t\t\t\t\t\t\t<\/li>\n\t\t\t\t\t\t\t\t\t<\/ul><div class=\"description\">\n\t\t\t\t\t\t\t\t\t\t<h3>Dr Edouard Gardan<\/h3>\n\t\t\t\t\t\t\t\t\t\t<h5><\/h5>\n\t\t\t\t\t\t\t\t\t<\/div><\/div><\/div>\n\t\t\t\t\t<div class=\"column_right\">\n\t\t\t\t\t\t<div class=\"details_box\"><h2 class=\"box_header animation-slide\"> Dr Edouard Gardan<\/h2><p>M\u00e9decin radiologue<\/p>\n<ul class=\"controls page_margin_top\">\n\t\t\t\t\t\t\t\t\t<li>\n\t\t\t\t\t\t\t\t\t\t<a href=\"#gallery-details-close\" class=\"close\"><\/a>\n\t\t\t\t\t\t\t\t\t<\/li>\n\t\t\t\t\t\t\t\t\t<li>\n\t\t\t\t\t\t\t\t\t\t<a href=\"#\" class=\"prev icon_small_arrow left_black\"><\/a>\n\t\t\t\t\t\t\t\t\t<\/li>\n\t\t\t\t\t\t\t\t\t<li>\n\t\t\t\t\t\t\t\t\t\t<a href=\"#\" class=\"next icon_small_arrow right_black\"><\/a>\n\t\t\t\t\t\t\t\t\t<\/li>\n\t\t\t\t\t\t\t\t<\/ul><\/div>\n\t\t\t\t\t<\/div>\n\t\t\t\t<\/div><li id=\"gallery-details-dr-celine-rozel\" class=\"gallery_item_details clearfix\">\n\t\t\t\t\t<div class=\"columns no_width\">\n\t\t\t\t\t\t<div class=\"column_left\"><div class=\"gallery_box \"><span class=\"mc_preloader\"><\/span>\n\t\t\t\t\t\t\t\t\t<img loading=\"lazy\" decoding=\"async\" width=\"408\" height=\"300\" src=\"https:\/\/imagerielescedres.fr\/wp-content\/uploads\/2020\/02\/Dr-C\u00e9line-Rozel-408x300.jpg\" class=\"mc_preload wp-post-image\" alt=\"Dr C\u00e9line Rozel\" title=\"\" \/>\n\t\t\t\t\t\t\t\t\t<ul class=\"controls\">\n\t\t\t\t\t\t\t\t\t\t<li>\n\t\t\t\t\t\t\t\t\t\t\t<a href=\"https:\/\/imagerielescedres.fr\/wp-content\/uploads\/2020\/02\/Dr-C\u00e9line-Rozel.jpg\" class=\"fancybox open_lightbox\" rel=\"featured_3571\" style=\"background-image: url('https:\/\/imagerielescedres.fr\/wp-content\/themes\/medicenter\/images\/icons_media\/blue_light\/image.png')\"><\/a>\n\t\t\t\t\t\t\t\t\t\t<\/li>\n\t\t\t\t\t\t\t\t\t<\/ul><div class=\"description\">\n\t\t\t\t\t\t\t\t\t\t<h3>Dr C\u00e9line Rozel<\/h3>\n\t\t\t\t\t\t\t\t\t\t<h5><\/h5>\n\t\t\t\t\t\t\t\t\t<\/div><\/div><\/div>\n\t\t\t\t\t<div class=\"column_right\">\n\t\t\t\t\t\t<div class=\"details_box\"><h2 class=\"box_header animation-slide\"> Dr C\u00e9line Rozel<\/h2><p><strong>M\u00e9decin radiologie<\/strong><\/p>\n<ul class=\"controls page_margin_top\">\n\t\t\t\t\t\t\t\t\t<li>\n\t\t\t\t\t\t\t\t\t\t<a href=\"#gallery-details-close\" class=\"close\"><\/a>\n\t\t\t\t\t\t\t\t\t<\/li>\n\t\t\t\t\t\t\t\t\t<li>\n\t\t\t\t\t\t\t\t\t\t<a href=\"#\" class=\"prev icon_small_arrow left_black\"><\/a>\n\t\t\t\t\t\t\t\t\t<\/li>\n\t\t\t\t\t\t\t\t\t<li>\n\t\t\t\t\t\t\t\t\t\t<a href=\"#\" class=\"next icon_small_arrow right_black\"><\/a>\n\t\t\t\t\t\t\t\t\t<\/li>\n\t\t\t\t\t\t\t\t<\/ul><\/div>\n\t\t\t\t\t<\/div>\n\t\t\t\t<\/div><li id=\"gallery-details-dr-arnaud-deniel\" class=\"gallery_item_details clearfix\">\n\t\t\t\t\t<div class=\"columns no_width\">\n\t\t\t\t\t\t<div class=\"column_left\"><div class=\"gallery_box \"><span class=\"mc_preloader\"><\/span>\n\t\t\t\t\t\t\t\t\t<img loading=\"lazy\" decoding=\"async\" width=\"390\" height=\"295\" src=\"https:\/\/imagerielescedres.fr\/wp-content\/uploads\/2020\/02\/Dr-Arnaud-Deniel.jpg\" class=\"mc_preload wp-post-image\" alt=\"Dr Arnaud Deniel\" title=\"\" srcset=\"https:\/\/imagerielescedres.fr\/wp-content\/uploads\/2020\/02\/Dr-Arnaud-Deniel.jpg 390w, https:\/\/imagerielescedres.fr\/wp-content\/uploads\/2020\/02\/Dr-Arnaud-Deniel-300x227.jpg 300w\" sizes=\"(max-width: 390px) 100vw, 390px\" \/>\n\t\t\t\t\t\t\t\t\t<ul class=\"controls\">\n\t\t\t\t\t\t\t\t\t\t<li>\n\t\t\t\t\t\t\t\t\t\t\t<a href=\"https:\/\/imagerielescedres.fr\/wp-content\/uploads\/2020\/02\/Dr-Arnaud-Deniel.jpg\" class=\"fancybox open_lightbox\" rel=\"featured_3568\" style=\"background-image: url('https:\/\/imagerielescedres.fr\/wp-content\/themes\/medicenter\/images\/icons_media\/blue_light\/image.png')\"><\/a>\n\t\t\t\t\t\t\t\t\t\t<\/li>\n\t\t\t\t\t\t\t\t\t<\/ul><div class=\"description\">\n\t\t\t\t\t\t\t\t\t\t<h3>Dr Arnaud Deniel<\/h3>\n\t\t\t\t\t\t\t\t\t\t<h5><\/h5>\n\t\t\t\t\t\t\t\t\t<\/div><\/div><\/div>\n\t\t\t\t\t<div class=\"column_right\">\n\t\t\t\t\t\t<div class=\"details_box\"><h2 class=\"box_header animation-slide\"> Dr Arnaud Deniel<\/h2><p><strong>M\u00e9decin radiologue<\/strong><\/p>\n<ul class=\"controls page_margin_top\">\n\t\t\t\t\t\t\t\t\t<li>\n\t\t\t\t\t\t\t\t\t\t<a href=\"#gallery-details-close\" class=\"close\"><\/a>\n\t\t\t\t\t\t\t\t\t<\/li>\n\t\t\t\t\t\t\t\t\t<li>\n\t\t\t\t\t\t\t\t\t\t<a href=\"#\" class=\"prev icon_small_arrow left_black\"><\/a>\n\t\t\t\t\t\t\t\t\t<\/li>\n\t\t\t\t\t\t\t\t\t<li>\n\t\t\t\t\t\t\t\t\t\t<a href=\"#\" class=\"next icon_small_arrow right_black\"><\/a>\n\t\t\t\t\t\t\t\t\t<\/li>\n\t\t\t\t\t\t\t\t<\/ul><\/div>\n\t\t\t\t\t<\/div>\n\t\t\t\t<\/div><li id=\"gallery-details-dr-agathe-cornillot\" class=\"gallery_item_details clearfix\">\n\t\t\t\t\t<div class=\"columns no_width\">\n\t\t\t\t\t\t<div class=\"column_left\"><div class=\"gallery_box \"><span class=\"mc_preloader\"><\/span>\n\t\t\t\t\t\t\t\t\t<img loading=\"lazy\" decoding=\"async\" width=\"225\" height=\"150\" src=\"https:\/\/imagerielescedres.fr\/wp-content\/uploads\/2014\/09\/Dr-Agathe-Cornillot2.jpg\" class=\"mc_preload wp-post-image\" alt=\"Dr Agathe Cornillot\" title=\"\" \/>\n\t\t\t\t\t\t\t\t\t<ul class=\"controls\">\n\t\t\t\t\t\t\t\t\t\t<li>\n\t\t\t\t\t\t\t\t\t\t\t<a href=\"https:\/\/imagerielescedres.fr\/wp-content\/uploads\/2014\/09\/Dr-Agathe-Cornillot2.jpg\" class=\"fancybox open_lightbox\" rel=\"featured_3566\" style=\"background-image: url('https:\/\/imagerielescedres.fr\/wp-content\/themes\/medicenter\/images\/icons_media\/blue_light\/image.png')\"><\/a>\n\t\t\t\t\t\t\t\t\t\t<\/li>\n\t\t\t\t\t\t\t\t\t<\/ul><div class=\"description\">\n\t\t\t\t\t\t\t\t\t\t<h3>Dr Agathe Cornillot<\/h3>\n\t\t\t\t\t\t\t\t\t\t<h5><\/h5>\n\t\t\t\t\t\t\t\t\t<\/div><\/div><\/div>\n\t\t\t\t\t<div class=\"column_right\">\n\t\t\t\t\t\t<div class=\"details_box\"><h2 class=\"box_header animation-slide\"> Dr Agathe Cornillot<\/h2><p><strong>M\u00e9decin radiologue<\/strong><\/p>\n<ul class=\"controls page_margin_top\">\n\t\t\t\t\t\t\t\t\t<li>\n\t\t\t\t\t\t\t\t\t\t<a href=\"#gallery-details-close\" class=\"close\"><\/a>\n\t\t\t\t\t\t\t\t\t<\/li>\n\t\t\t\t\t\t\t\t\t<li>\n\t\t\t\t\t\t\t\t\t\t<a href=\"#\" class=\"prev icon_small_arrow left_black\"><\/a>\n\t\t\t\t\t\t\t\t\t<\/li>\n\t\t\t\t\t\t\t\t\t<li>\n\t\t\t\t\t\t\t\t\t\t<a href=\"#\" class=\"next icon_small_arrow right_black\"><\/a>\n\t\t\t\t\t\t\t\t\t<\/li>\n\t\t\t\t\t\t\t\t<\/ul><\/div>\n\t\t\t\t\t<\/div>\n\t\t\t\t<\/div><li id=\"gallery-details-dr-nicolas-gautier\" class=\"gallery_item_details clearfix\">\n\t\t\t\t\t<div class=\"columns no_width\">\n\t\t\t\t\t\t<div class=\"column_left\"><div class=\"gallery_box \"><span class=\"mc_preloader\"><\/span>\n\t\t\t\t\t\t\t\t\t<img loading=\"lazy\" decoding=\"async\" width=\"480\" height=\"300\" src=\"https:\/\/imagerielescedres.fr\/wp-content\/uploads\/2014\/09\/GAUTIER-480x300.jpg\" class=\"mc_preload wp-post-image\" alt=\"Dr Nicolas GAUTIER\" title=\"\" \/>\n\t\t\t\t\t\t\t\t\t<ul class=\"controls\">\n\t\t\t\t\t\t\t\t\t\t<li>\n\t\t\t\t\t\t\t\t\t\t\t<a href=\"https:\/\/imagerielescedres.fr\/wp-content\/uploads\/2014\/09\/GAUTIER.jpg\" class=\"fancybox open_lightbox\" rel=\"featured_3483\" style=\"background-image: url('https:\/\/imagerielescedres.fr\/wp-content\/themes\/medicenter\/images\/icons_media\/blue_light\/image.png')\"><\/a>\n\t\t\t\t\t\t\t\t\t\t<\/li>\n\t\t\t\t\t\t\t\t\t<\/ul><div class=\"description\">\n\t\t\t\t\t\t\t\t\t\t<h3>Dr Nicolas GAUTIER<\/h3>\n\t\t\t\t\t\t\t\t\t\t<h5><\/h5>\n\t\t\t\t\t\t\t\t\t<\/div><\/div><\/div>\n\t\t\t\t\t<div class=\"column_right\">\n\t\t\t\t\t\t<div class=\"details_box\"><h2 class=\"box_header animation-slide\"> Dr Nicolas GAUTIER<\/h2><p>N\u00b0 RPPS : 810005177364<br \/>\nDES de Radiodiagnostic et d\u2019Imagerie M\u00e9dicale<br \/>\nAncien Praticien Sp\u00e9cialiste des Centres De Lutte Contre le Cancer<\/p>\n<ul class=\"controls page_margin_top\">\n\t\t\t\t\t\t\t\t\t<li>\n\t\t\t\t\t\t\t\t\t\t<a href=\"#gallery-details-close\" class=\"close\"><\/a>\n\t\t\t\t\t\t\t\t\t<\/li>\n\t\t\t\t\t\t\t\t\t<li>\n\t\t\t\t\t\t\t\t\t\t<a href=\"#\" class=\"prev icon_small_arrow left_black\"><\/a>\n\t\t\t\t\t\t\t\t\t<\/li>\n\t\t\t\t\t\t\t\t\t<li>\n\t\t\t\t\t\t\t\t\t\t<a href=\"#\" class=\"next icon_small_arrow right_black\"><\/a>\n\t\t\t\t\t\t\t\t\t<\/li>\n\t\t\t\t\t\t\t\t<\/ul><\/div>\n\t\t\t\t\t<\/div>\n\t\t\t\t<\/div><li id=\"gallery-details-pierrick-batail\" class=\"gallery_item_details clearfix\">\n\t\t\t\t\t<div class=\"columns no_width\">\n\t\t\t\t\t\t<div class=\"column_left\"><div class=\"gallery_box \"><span class=\"mc_preloader\"><\/span>\n\t\t\t\t\t\t\t\t\t<img loading=\"lazy\" decoding=\"async\" width=\"480\" height=\"300\" src=\"https:\/\/imagerielescedres.fr\/wp-content\/uploads\/2014\/09\/batail-480x300.jpg\" class=\"mc_preload wp-post-image\" alt=\"Dr Pierrick Batail\" title=\"\" \/>\n\t\t\t\t\t\t\t\t\t<ul class=\"controls\">\n\t\t\t\t\t\t\t\t\t\t<li>\n\t\t\t\t\t\t\t\t\t\t\t<a href=\"https:\/\/imagerielescedres.fr\/wp-content\/uploads\/2014\/09\/batail.jpg\" class=\"fancybox open_lightbox\" rel=\"featured_1723\" style=\"background-image: url('https:\/\/imagerielescedres.fr\/wp-content\/themes\/medicenter\/images\/icons_media\/blue_light\/image.png')\"><\/a>\n\t\t\t\t\t\t\t\t\t\t<\/li>\n\t\t\t\t\t\t\t\t\t<\/ul><div class=\"description\">\n\t\t\t\t\t\t\t\t\t\t<h3>Dr Pierrick Batail<\/h3>\n\t\t\t\t\t\t\t\t\t\t<h5><\/h5>\n\t\t\t\t\t\t\t\t\t<\/div><\/div><\/div>\n\t\t\t\t\t<div class=\"column_right\">\n\t\t\t\t\t\t<div class=\"details_box\"><h2 class=\"box_header animation-slide\"> Dr Pierrick Batail<\/h2><p><strong>M\u00e9decin radiologue<\/strong><\/p>\n<p>N\u00b0 RPPS : 351029335<br \/>\nDipl\u00f4m\u00e9 National de Radiologie<br \/>\nDU de Radiologie Maxillo Faciale<br \/>\nDU d&rsquo;Imagerie par R\u00e9sonance Magn\u00e9tique<\/p>\n<ul class=\"controls page_margin_top\">\n\t\t\t\t\t\t\t\t\t<li>\n\t\t\t\t\t\t\t\t\t\t<a href=\"#gallery-details-close\" class=\"close\"><\/a>\n\t\t\t\t\t\t\t\t\t<\/li>\n\t\t\t\t\t\t\t\t\t<li>\n\t\t\t\t\t\t\t\t\t\t<a href=\"#\" class=\"prev icon_small_arrow left_black\"><\/a>\n\t\t\t\t\t\t\t\t\t<\/li>\n\t\t\t\t\t\t\t\t\t<li>\n\t\t\t\t\t\t\t\t\t\t<a href=\"#\" class=\"next icon_small_arrow right_black\"><\/a>\n\t\t\t\t\t\t\t\t\t<\/li>\n\t\t\t\t\t\t\t\t<\/ul><\/div>\n\t\t\t\t\t<\/div>\n\t\t\t\t<\/div><li id=\"gallery-details-frederic-brunet\" class=\"gallery_item_details clearfix\">\n\t\t\t\t\t<div class=\"columns no_width\">\n\t\t\t\t\t\t<div class=\"column_left\"><div class=\"gallery_box \"><span class=\"mc_preloader\"><\/span>\n\t\t\t\t\t\t\t\t\t<img loading=\"lazy\" decoding=\"async\" width=\"480\" height=\"300\" src=\"https:\/\/imagerielescedres.fr\/wp-content\/uploads\/2013\/05\/Dr-Frederic-Brunet1-480x300.jpg\" class=\"mc_preload wp-post-image\" alt=\"Dr Fr\u00e9d\u00e9ric Brunet\" title=\"\" \/>\n\t\t\t\t\t\t\t\t\t<ul class=\"controls\">\n\t\t\t\t\t\t\t\t\t\t<li>\n\t\t\t\t\t\t\t\t\t\t\t<a href=\"https:\/\/imagerielescedres.fr\/wp-content\/uploads\/2013\/05\/Dr-Frederic-Brunet1.jpg\" class=\"fancybox open_lightbox\" rel=\"featured_414\" style=\"background-image: url('https:\/\/imagerielescedres.fr\/wp-content\/themes\/medicenter\/images\/icons_media\/blue_light\/image.png')\"><\/a>\n\t\t\t\t\t\t\t\t\t\t<\/li>\n\t\t\t\t\t\t\t\t\t<\/ul><div class=\"description\">\n\t\t\t\t\t\t\t\t\t\t<h3>Dr Fr\u00e9d\u00e9ric Brunet<\/h3>\n\t\t\t\t\t\t\t\t\t\t<h5><\/h5>\n\t\t\t\t\t\t\t\t\t<\/div><\/div><\/div>\n\t\t\t\t\t<div class=\"column_right\">\n\t\t\t\t\t\t<div class=\"details_box\"><h2 class=\"box_header animation-slide\"> Dr Fr\u00e9d\u00e9ric Brunet<\/h2><p><strong>M\u00e9decin radiologue<br \/>\n<\/strong><br \/>\nN\u00b0 RPPS\u00a0: 351036793<br \/>\nAncien interne des H\u00f4pitaux de Rennes<br \/>\nDipl\u00f4m\u00e9 d&rsquo;\u00c9tudes sp\u00e9ciales de Radiologie<br \/>\net d&rsquo;Imagerie par R\u00e9sonance Magn\u00e9tique<\/p>\n<ul class=\"controls page_margin_top\">\n\t\t\t\t\t\t\t\t\t<li>\n\t\t\t\t\t\t\t\t\t\t<a href=\"#gallery-details-close\" class=\"close\"><\/a>\n\t\t\t\t\t\t\t\t\t<\/li>\n\t\t\t\t\t\t\t\t\t<li>\n\t\t\t\t\t\t\t\t\t\t<a href=\"#\" class=\"prev icon_small_arrow left_black\"><\/a>\n\t\t\t\t\t\t\t\t\t<\/li>\n\t\t\t\t\t\t\t\t\t<li>\n\t\t\t\t\t\t\t\t\t\t<a href=\"#\" class=\"next icon_small_arrow right_black\"><\/a>\n\t\t\t\t\t\t\t\t\t<\/li>\n\t\t\t\t\t\t\t\t<\/ul><\/div>\n\t\t\t\t\t<\/div>\n\t\t\t\t<\/div><li id=\"gallery-details-clare-mitchell-prof\" class=\"gallery_item_details clearfix\">\n\t\t\t\t\t<div class=\"columns no_width\">\n\t\t\t\t\t\t<div class=\"column_left\"><div class=\"gallery_box \"><span class=\"mc_preloader\"><\/span>\n\t\t\t\t\t\t\t\t\t<img loading=\"lazy\" decoding=\"async\" width=\"480\" height=\"300\" src=\"https:\/\/imagerielescedres.fr\/wp-content\/uploads\/2013\/05\/Dr-Jean-Francois-Brunet-480x300.png\" class=\"mc_preload wp-post-image\" alt=\"Dr Jean-Fran\u00e7ois Brunet\" title=\"\" \/>\n\t\t\t\t\t\t\t\t\t<ul class=\"controls\">\n\t\t\t\t\t\t\t\t\t\t<li>\n\t\t\t\t\t\t\t\t\t\t\t<a href=\"https:\/\/imagerielescedres.fr\/wp-content\/uploads\/2013\/05\/Dr-Jean-Francois-Brunet.png\" class=\"fancybox open_lightbox\" style=\"background-image: url('https:\/\/imagerielescedres.fr\/wp-content\/themes\/medicenter\/images\/icons_media\/blue_light\/image.png')\"><\/a>\n\t\t\t\t\t\t\t\t\t\t<\/li>\n\t\t\t\t\t\t\t\t\t<\/ul><div class=\"description\">\n\t\t\t\t\t\t\t\t\t\t<h3>Dr Jean-Fran\u00e7ois Brunet<\/h3>\n\t\t\t\t\t\t\t\t\t\t<h5><\/h5>\n\t\t\t\t\t\t\t\t\t<\/div><\/div><\/div>\n\t\t\t\t\t<div class=\"column_right\">\n\t\t\t\t\t\t<div class=\"details_box\"><h2 class=\"box_header animation-slide\"> Dr Jean-Fran\u00e7ois Brunet<\/h2><p><strong>M\u00e9decin radiologue<\/strong><\/p>\n<p>N\u00b0 RPPS : 351064886<br \/>\nDES de Radiodiagnostic et d&rsquo;Imagerie M\u00e9dicale<br \/>\nAncien Interne et Assistant des H\u00f4pitaux de Rennes<br \/>\nAncien Chef de Clinique de la Facult\u00e9 de M\u00e9decine de Rennes<\/p>\n<ul class=\"controls page_margin_top\">\n\t\t\t\t\t\t\t\t\t<li>\n\t\t\t\t\t\t\t\t\t\t<a href=\"#gallery-details-close\" class=\"close\"><\/a>\n\t\t\t\t\t\t\t\t\t<\/li>\n\t\t\t\t\t\t\t\t\t<li>\n\t\t\t\t\t\t\t\t\t\t<a href=\"#\" class=\"prev icon_small_arrow left_black\"><\/a>\n\t\t\t\t\t\t\t\t\t<\/li>\n\t\t\t\t\t\t\t\t\t<li>\n\t\t\t\t\t\t\t\t\t\t<a href=\"#\" class=\"next icon_small_arrow right_black\"><\/a>\n\t\t\t\t\t\t\t\t\t<\/li>\n\t\t\t\t\t\t\t\t<\/ul><\/div>\n\t\t\t\t\t<\/div>\n\t\t\t\t<\/div><li id=\"gallery-details-tanguy-gauthier\" class=\"gallery_item_details clearfix\">\n\t\t\t\t\t<div class=\"columns no_width\">\n\t\t\t\t\t\t<div class=\"column_left\"><div class=\"gallery_box \"><span class=\"mc_preloader\"><\/span>\n\t\t\t\t\t\t\t\t\t<img loading=\"lazy\" decoding=\"async\" width=\"480\" height=\"300\" src=\"https:\/\/imagerielescedres.fr\/wp-content\/uploads\/2013\/05\/Dr-Tanguy-Gauthier-480x300.jpg\" class=\"mc_preload wp-post-image\" alt=\"Dr Tanguy Gauthier\" title=\"\" \/>\n\t\t\t\t\t\t\t\t\t<ul class=\"controls\">\n\t\t\t\t\t\t\t\t\t\t<li>\n\t\t\t\t\t\t\t\t\t\t\t<a href=\"https:\/\/imagerielescedres.fr\/wp-content\/uploads\/2013\/05\/Dr-Tanguy-Gauthier.jpg\" class=\"fancybox open_lightbox\" rel=\"featured_1722\" style=\"background-image: url('https:\/\/imagerielescedres.fr\/wp-content\/themes\/medicenter\/images\/icons_media\/blue_light\/image.png')\"><\/a>\n\t\t\t\t\t\t\t\t\t\t<\/li>\n\t\t\t\t\t\t\t\t\t<\/ul><div class=\"description\">\n\t\t\t\t\t\t\t\t\t\t<h3>Dr Tanguy Gauthier<\/h3>\n\t\t\t\t\t\t\t\t\t\t<h5><\/h5>\n\t\t\t\t\t\t\t\t\t<\/div><\/div><\/div>\n\t\t\t\t\t<div class=\"column_right\">\n\t\t\t\t\t\t<div class=\"details_box\"><h2 class=\"box_header animation-slide\"> Dr Tanguy Gauthier<\/h2><p><strong>M\u00e9decin radiologue<br \/>\n<\/strong><br \/>\nN\u00b0 RPPS\u00a0: 351066485<br \/>\nDES de Radiodiagnostic et d&rsquo;Imagerie M\u00e9dicale<br \/>\nAncien Interne au CHRU de Lille<br \/>\nAncien Chef de Clinique de la Facult\u00e9 de M\u00e9decine de Rennes<\/p>\n<ul class=\"controls page_margin_top\">\n\t\t\t\t\t\t\t\t\t<li>\n\t\t\t\t\t\t\t\t\t\t<a href=\"#gallery-details-close\" class=\"close\"><\/a>\n\t\t\t\t\t\t\t\t\t<\/li>\n\t\t\t\t\t\t\t\t\t<li>\n\t\t\t\t\t\t\t\t\t\t<a href=\"#\" class=\"prev icon_small_arrow left_black\"><\/a>\n\t\t\t\t\t\t\t\t\t<\/li>\n\t\t\t\t\t\t\t\t\t<li>\n\t\t\t\t\t\t\t\t\t\t<a href=\"#\" class=\"next icon_small_arrow right_black\"><\/a>\n\t\t\t\t\t\t\t\t\t<\/li>\n\t\t\t\t\t\t\t\t<\/ul><\/div>\n\t\t\t\t\t<\/div>\n\t\t\t\t<\/div><li id=\"gallery-details-dr-zouhaier-jrad\" class=\"gallery_item_details clearfix\">\n\t\t\t\t\t<div class=\"columns no_width\">\n\t\t\t\t\t\t<div class=\"column_left\"><div class=\"gallery_box \"><span class=\"mc_preloader\"><\/span>\n\t\t\t\t\t\t\t\t\t<img loading=\"lazy\" decoding=\"async\" width=\"480\" height=\"300\" src=\"https:\/\/imagerielescedres.fr\/wp-content\/uploads\/2014\/09\/Dr-Zouhaier-Jrad-480x300.jpg\" class=\"mc_preload wp-post-image\" alt=\"Dr Zouhaier Jrad\" title=\"\" \/>\n\t\t\t\t\t\t\t\t\t<ul class=\"controls\">\n\t\t\t\t\t\t\t\t\t\t<li>\n\t\t\t\t\t\t\t\t\t\t\t<a href=\"https:\/\/imagerielescedres.fr\/wp-content\/uploads\/2014\/09\/Dr-Zouhaier-Jrad.jpg\" class=\"fancybox open_lightbox\" style=\"background-image: url('https:\/\/imagerielescedres.fr\/wp-content\/themes\/medicenter\/images\/icons_media\/blue_light\/image.png')\"><\/a>\n\t\t\t\t\t\t\t\t\t\t<\/li>\n\t\t\t\t\t\t\t\t\t<\/ul><div class=\"description\">\n\t\t\t\t\t\t\t\t\t\t<h3>Dr Zouhaier Jrad<\/h3>\n\t\t\t\t\t\t\t\t\t\t<h5><\/h5>\n\t\t\t\t\t\t\t\t\t<\/div><\/div><\/div>\n\t\t\t\t\t<div class=\"column_right\">\n\t\t\t\t\t\t<div class=\"details_box\"><h2 class=\"box_header animation-slide\"> Dr Zouhaier Jrad<\/h2><p><strong>M\u00e9decin radiologue<\/strong><\/p>\n<p>N\u00b0 RPPS\u00a0: 351068937<br \/>\nAncien Chef de Clinique au CHU de Rennes<br \/>\nAncien Praticien au CH de Saint Malo<\/p>\n<ul class=\"controls page_margin_top\">\n\t\t\t\t\t\t\t\t\t<li>\n\t\t\t\t\t\t\t\t\t\t<a href=\"#gallery-details-close\" class=\"close\"><\/a>\n\t\t\t\t\t\t\t\t\t<\/li>\n\t\t\t\t\t\t\t\t\t<li>\n\t\t\t\t\t\t\t\t\t\t<a href=\"#\" class=\"prev icon_small_arrow left_black\"><\/a>\n\t\t\t\t\t\t\t\t\t<\/li>\n\t\t\t\t\t\t\t\t\t<li>\n\t\t\t\t\t\t\t\t\t\t<a href=\"#\" class=\"next icon_small_arrow right_black\"><\/a>\n\t\t\t\t\t\t\t\t\t<\/li>\n\t\t\t\t\t\t\t\t<\/ul><\/div>\n\t\t\t\t\t<\/div>\n\t\t\t\t<\/div><li id=\"gallery-details-greta-midler\" class=\"gallery_item_details clearfix\">\n\t\t\t\t\t<div class=\"columns no_width\">\n\t\t\t\t\t\t<div class=\"column_left\"><div class=\"gallery_box \"><span class=\"mc_preloader\"><\/span>\n\t\t\t\t\t\t\t\t\t<img loading=\"lazy\" decoding=\"async\" width=\"480\" height=\"300\" src=\"https:\/\/imagerielescedres.fr\/wp-content\/uploads\/2013\/05\/Dr-Catherine-Louail-Tabourel-480x300.jpg\" class=\"mc_preload wp-post-image\" alt=\"Dr Catherine Louail-Tabourel\" title=\"\" \/>\n\t\t\t\t\t\t\t\t\t<ul class=\"controls\">\n\t\t\t\t\t\t\t\t\t\t<li>\n\t\t\t\t\t\t\t\t\t\t\t<a href=\"https:\/\/imagerielescedres.fr\/wp-content\/uploads\/2013\/05\/Dr-Catherine-Louail-Tabourel.jpg\" class=\"fancybox open_lightbox\" rel=\"featured_2065\" style=\"background-image: url('https:\/\/imagerielescedres.fr\/wp-content\/themes\/medicenter\/images\/icons_media\/blue_light\/image.png')\"><\/a>\n\t\t\t\t\t\t\t\t\t\t<\/li>\n\t\t\t\t\t\t\t\t\t<\/ul><div class=\"description\">\n\t\t\t\t\t\t\t\t\t\t<h3>Dr Catherine Louail-Tabourel<\/h3>\n\t\t\t\t\t\t\t\t\t\t<h5><\/h5>\n\t\t\t\t\t\t\t\t\t<\/div><\/div><\/div>\n\t\t\t\t\t<div class=\"column_right\">\n\t\t\t\t\t\t<div class=\"details_box\"><h2 class=\"box_header animation-slide\"> Dr Catherine Louail-Tabourel<\/h2><p><strong>M\u00e9decin radiologue<\/strong><\/p>\n<p>N\u00b0 RPPS\u00a0: 351040498<br \/>\nDES de Radiodiagnostic et d&rsquo;Imagerie M\u00e9dicale<br \/>\nAncienne Interne et Assistante du CHU de Bordeaux<br \/>\nAncien Praticien Hospitalier du CH de Saint Malo<\/p>\n<ul class=\"controls page_margin_top\">\n\t\t\t\t\t\t\t\t\t<li>\n\t\t\t\t\t\t\t\t\t\t<a href=\"#gallery-details-close\" class=\"close\"><\/a>\n\t\t\t\t\t\t\t\t\t<\/li>\n\t\t\t\t\t\t\t\t\t<li>\n\t\t\t\t\t\t\t\t\t\t<a href=\"#\" class=\"prev icon_small_arrow left_black\"><\/a>\n\t\t\t\t\t\t\t\t\t<\/li>\n\t\t\t\t\t\t\t\t\t<li>\n\t\t\t\t\t\t\t\t\t\t<a href=\"#\" class=\"next icon_small_arrow right_black\"><\/a>\n\t\t\t\t\t\t\t\t\t<\/li>\n\t\t\t\t\t\t\t\t<\/ul><\/div>\n\t\t\t\t\t<\/div>\n\t\t\t\t<\/div><li id=\"gallery-details-dr-yves-letilly\" class=\"gallery_item_details clearfix\">\n\t\t\t\t\t<div class=\"columns no_width\">\n\t\t\t\t\t\t<div class=\"column_left\"><div class=\"gallery_box \"><span class=\"mc_preloader\"><\/span>\n\t\t\t\t\t\t\t\t\t<img loading=\"lazy\" decoding=\"async\" width=\"480\" height=\"300\" src=\"https:\/\/imagerielescedres.fr\/wp-content\/uploads\/2014\/09\/GAREL-480x300.jpg\" class=\"mc_preload wp-post-image\" alt=\"Dr Charles Garel\" title=\"\" \/>\n\t\t\t\t\t\t\t\t\t<ul class=\"controls\">\n\t\t\t\t\t\t\t\t\t\t<li>\n\t\t\t\t\t\t\t\t\t\t\t<a href=\"https:\/\/imagerielescedres.fr\/wp-content\/uploads\/2014\/09\/GAREL.jpg\" class=\"fancybox open_lightbox\" rel=\"featured_2536\" style=\"background-image: url('https:\/\/imagerielescedres.fr\/wp-content\/themes\/medicenter\/images\/icons_media\/blue_light\/image.png')\"><\/a>\n\t\t\t\t\t\t\t\t\t\t<\/li>\n\t\t\t\t\t\t\t\t\t<\/ul><div class=\"description\">\n\t\t\t\t\t\t\t\t\t\t<h3>Dr Charles Garel<\/h3>\n\t\t\t\t\t\t\t\t\t\t<h5><\/h5>\n\t\t\t\t\t\t\t\t\t<\/div><\/div><\/div>\n\t\t\t\t\t<div class=\"column_right\">\n\t\t\t\t\t\t<div class=\"details_box\"><h2 class=\"box_header animation-slide\"> Dr Charles Garel<\/h2><p><strong>M\u00e9decin radiologue<\/strong><\/p>\n<p>N\u00b0 RPPS :810100835353<br \/>\nDES de Radiodiagnostic et d\u2019Imagerie M\u00e9dicale<br \/>\nAncien Interne des H\u00f4pitaux de Caen<\/p>\n<ul class=\"controls page_margin_top\">\n\t\t\t\t\t\t\t\t\t<li>\n\t\t\t\t\t\t\t\t\t\t<a href=\"#gallery-details-close\" class=\"close\"><\/a>\n\t\t\t\t\t\t\t\t\t<\/li>\n\t\t\t\t\t\t\t\t\t<li>\n\t\t\t\t\t\t\t\t\t\t<a href=\"#\" class=\"prev icon_small_arrow left_black\"><\/a>\n\t\t\t\t\t\t\t\t\t<\/li>\n\t\t\t\t\t\t\t\t\t<li>\n\t\t\t\t\t\t\t\t\t\t<a href=\"#\" class=\"next icon_small_arrow right_black\"><\/a>\n\t\t\t\t\t\t\t\t\t<\/li>\n\t\t\t\t\t\t\t\t<\/ul><\/div>\n\t\t\t\t\t<\/div>\n\t\t\t\t<\/div><li id=\"gallery-details-dr-gilles-nicolas\" class=\"gallery_item_details clearfix\">\n\t\t\t\t\t<div class=\"columns no_width\">\n\t\t\t\t\t\t<div class=\"column_left\"><div class=\"gallery_box \"><span class=\"mc_preloader\"><\/span>\n\t\t\t\t\t\t\t\t\t<img loading=\"lazy\" decoding=\"async\" width=\"480\" height=\"300\" src=\"https:\/\/imagerielescedres.fr\/wp-content\/uploads\/2014\/09\/Dr-Gilles-Nicolas-480x300.png\" class=\"mc_preload wp-post-image\" alt=\"Dr Gilles  Nicolas\" title=\"\" \/>\n\t\t\t\t\t\t\t\t\t<ul class=\"controls\">\n\t\t\t\t\t\t\t\t\t\t<li>\n\t\t\t\t\t\t\t\t\t\t\t<a href=\"https:\/\/imagerielescedres.fr\/wp-content\/uploads\/2014\/09\/Dr-Gilles-Nicolas.png\" class=\"fancybox open_lightbox\" rel=\"featured_2631\" style=\"background-image: url('https:\/\/imagerielescedres.fr\/wp-content\/themes\/medicenter\/images\/icons_media\/blue_light\/image.png')\"><\/a>\n\t\t\t\t\t\t\t\t\t\t<\/li>\n\t\t\t\t\t\t\t\t\t<\/ul><div class=\"description\">\n\t\t\t\t\t\t\t\t\t\t<h3>Dr Gilles  Nicolas<\/h3>\n\t\t\t\t\t\t\t\t\t\t<h5><\/h5>\n\t\t\t\t\t\t\t\t\t<\/div><\/div><\/div>\n\t\t\t\t\t<div class=\"column_right\">\n\t\t\t\t\t\t<div class=\"details_box\"><h2 class=\"box_header animation-slide\"> Dr Gilles  Nicolas<\/h2><p><strong>M\u00e9decin radiologue<\/strong><\/p>\n<p>N\u00b0 RPPS : 351045885<br \/>\nAncien interne et Assistant du CHRU de Rennes<br \/>\nDES de Radiodiagnostic et d&rsquo;Imagerie M\u00e9dicale<\/p>\n<ul class=\"controls page_margin_top\">\n\t\t\t\t\t\t\t\t\t<li>\n\t\t\t\t\t\t\t\t\t\t<a href=\"#gallery-details-close\" class=\"close\"><\/a>\n\t\t\t\t\t\t\t\t\t<\/li>\n\t\t\t\t\t\t\t\t\t<li>\n\t\t\t\t\t\t\t\t\t\t<a href=\"#\" class=\"prev icon_small_arrow left_black\"><\/a>\n\t\t\t\t\t\t\t\t\t<\/li>\n\t\t\t\t\t\t\t\t\t<li>\n\t\t\t\t\t\t\t\t\t\t<a href=\"#\" class=\"next icon_small_arrow right_black\"><\/a>\n\t\t\t\t\t\t\t\t\t<\/li>\n\t\t\t\t\t\t\t\t<\/ul><\/div>\n\t\t\t\t\t<\/div>\n\t\t\t\t<\/div><li id=\"gallery-details-dr-nicolas-morcet\" class=\"gallery_item_details clearfix\">\n\t\t\t\t\t<div class=\"columns no_width\">\n\t\t\t\t\t\t<div class=\"column_left\"><div class=\"gallery_box \"><span class=\"mc_preloader\"><\/span>\n\t\t\t\t\t\t\t\t\t<img loading=\"lazy\" decoding=\"async\" width=\"480\" height=\"300\" src=\"https:\/\/imagerielescedres.fr\/wp-content\/uploads\/2014\/09\/Dr-Nicolas-Morcet-480x300.png\" class=\"mc_preload wp-post-image\" alt=\"Dr Nicolas Morcet\" title=\"\" \/>\n\t\t\t\t\t\t\t\t\t<ul class=\"controls\">\n\t\t\t\t\t\t\t\t\t\t<li>\n\t\t\t\t\t\t\t\t\t\t\t<a href=\"https:\/\/imagerielescedres.fr\/wp-content\/uploads\/2014\/09\/Dr-Nicolas-Morcet.png\" class=\"fancybox open_lightbox\" rel=\"featured_2571\" style=\"background-image: url('https:\/\/imagerielescedres.fr\/wp-content\/themes\/medicenter\/images\/icons_media\/blue_light\/image.png')\"><\/a>\n\t\t\t\t\t\t\t\t\t\t<\/li>\n\t\t\t\t\t\t\t\t\t<\/ul><div class=\"description\">\n\t\t\t\t\t\t\t\t\t\t<h3>Dr Nicolas Morcet<\/h3>\n\t\t\t\t\t\t\t\t\t\t<h5><\/h5>\n\t\t\t\t\t\t\t\t\t<\/div><\/div><\/div>\n\t\t\t\t\t<div class=\"column_right\">\n\t\t\t\t\t\t<div class=\"details_box\"><h2 class=\"box_header animation-slide\"> Dr Nicolas Morcet<\/h2><p><strong>M\u00e9decin radiologue<\/strong><\/p>\n<p>N\u00b0 RPPS\u00a0: 351046487<br \/>\nDES de Radiodiagnostic et d&rsquo;Imagerie M\u00e9dicale<br \/>\nAncien Interne et Assistant des H\u00f4pitaux de Rennes<br \/>\nAncien Chef de Clinique de la Facult\u00e9 de M\u00e9decine de Rennes<\/p>\n<ul class=\"controls page_margin_top\">\n\t\t\t\t\t\t\t\t\t<li>\n\t\t\t\t\t\t\t\t\t\t<a href=\"#gallery-details-close\" class=\"close\"><\/a>\n\t\t\t\t\t\t\t\t\t<\/li>\n\t\t\t\t\t\t\t\t\t<li>\n\t\t\t\t\t\t\t\t\t\t<a href=\"#\" class=\"prev icon_small_arrow left_black\"><\/a>\n\t\t\t\t\t\t\t\t\t<\/li>\n\t\t\t\t\t\t\t\t\t<li>\n\t\t\t\t\t\t\t\t\t\t<a href=\"#\" class=\"next icon_small_arrow right_black\"><\/a>\n\t\t\t\t\t\t\t\t\t<\/li>\n\t\t\t\t\t\t\t\t<\/ul><\/div>\n\t\t\t\t\t<\/div>\n\t\t\t\t<\/div><li id=\"gallery-details-ann-blyumin-prof\" class=\"gallery_item_details clearfix\">\n\t\t\t\t\t<div class=\"columns no_width\">\n\t\t\t\t\t\t<div class=\"column_left\"><div class=\"gallery_box \"><ul class=\"image_carousel\"><li><span class=\"mc_preloader\"><\/span>\n\t\t\t\t\t\t\t\t\t<img loading=\"lazy\" decoding=\"async\" width=\"480\" height=\"300\" src=\"https:\/\/imagerielescedres.fr\/wp-content\/uploads\/2013\/05\/Dr-Christelle-Poirier-480x300.jpg\" class=\"mc_preload wp-post-image\" alt=\"Dr Christelle Poirier\" title=\"\" \/>\n\t\t\t\t\t\t\t\t\t<ul class=\"controls\">\n\t\t\t\t\t\t\t\t\t\t<li>\n\t\t\t\t\t\t\t\t\t\t\t<a href=\"https:\/\/imagerielescedres.fr\/wp-content\/uploads\/2013\/05\/Dr-Christelle-Poirier.jpg\" class=\"fancybox open_lightbox\" rel=\"featured_378\" style=\"background-image: url('https:\/\/imagerielescedres.fr\/wp-content\/themes\/medicenter\/images\/icons_media\/blue_light\/image.png')\"><\/a>\n\t\t\t\t\t\t\t\t\t\t<\/li>\n\t\t\t\t\t\t\t\t\t<\/ul><\/li><li><img loading=\"lazy\" decoding=\"async\" width=\"48\" height=\"64\" src=\"https:\/\/imagerielescedres.fr\/wp-includes\/images\/media\/default.svg\" class=\"attachment-medicenter-gallery-image size-medicenter-gallery-image\" alt=\"\" \/>\n\t\t\t\t\t\t\t\t\t\t\t<ul class=\"controls\">\n\t\t\t\t\t\t\t\t\t\t\t\t<li>\n\t\t\t\t\t\t\t\t\t\t\t\t\t<a href=\"\" title=\"\" class=\"fancybox open_lightbox\" rel=\"featured_378\" style=\"background-image: url('https:\/\/imagerielescedres.fr\/wp-content\/themes\/medicenter\/images\/icons_media\/blue_light\/image.png')\"><\/a>\n\t\t\t\t\t\t\t\t\t\t\t\t<\/li>\n\t\t\t\t\t\t\t\t\t\t\t<\/ul>\n\t\t\t\t\t\t\t\t\t\t<\/li><li><img loading=\"lazy\" decoding=\"async\" width=\"48\" height=\"64\" src=\"https:\/\/imagerielescedres.fr\/wp-includes\/images\/media\/default.svg\" class=\"attachment-medicenter-gallery-image size-medicenter-gallery-image\" alt=\"\" \/>\n\t\t\t\t\t\t\t\t\t\t\t<ul class=\"controls\">\n\t\t\t\t\t\t\t\t\t\t\t\t<li>\n\t\t\t\t\t\t\t\t\t\t\t\t\t<a href=\"http:\/\/quanticalabs.com\/wp_themes\/medicenter\/files\/2013\/02\/image_03.jpg\" title=\"\" class=\"fancybox open_lightbox\" rel=\"featured_378\" style=\"background-image: url('https:\/\/imagerielescedres.fr\/wp-content\/themes\/medicenter\/images\/icons_media\/blue_light\/image.png')\"><\/a>\n\t\t\t\t\t\t\t\t\t\t\t\t<\/li>\n\t\t\t\t\t\t\t\t\t\t\t<\/ul>\n\t\t\t\t\t\t\t\t\t\t<\/li><\/ul><div class=\"description\">\n\t\t\t\t\t\t\t\t\t\t<h3>Dr Christelle Poirier<\/h3>\n\t\t\t\t\t\t\t\t\t\t<h5><\/h5>\n\t\t\t\t\t\t\t\t\t<\/div><\/div><\/div>\n\t\t\t\t\t<div class=\"column_right\">\n\t\t\t\t\t\t<div class=\"details_box\"><h2 class=\"box_header animation-slide\"> Dr Christelle Poirier<\/h2><p><strong>M\u00e9decin radiologue<\/strong><\/p>\n<p>N\u00b0 RPPS\u00a0: 351061346<br \/>\nDES de Radiodiagnostic et d&rsquo;Imagerie M\u00e9dicale<br \/>\nAncienne Interne et Chef de Clinique du CHU d&rsquo;Amiens<br \/>\nAncien Praticien Hospitalier du CH de Saint Malo<\/p>\n<ul class=\"controls page_margin_top\">\n\t\t\t\t\t\t\t\t\t<li>\n\t\t\t\t\t\t\t\t\t\t<a href=\"#gallery-details-close\" class=\"close\"><\/a>\n\t\t\t\t\t\t\t\t\t<\/li>\n\t\t\t\t\t\t\t\t\t<li>\n\t\t\t\t\t\t\t\t\t\t<a href=\"#\" class=\"prev icon_small_arrow left_black\"><\/a>\n\t\t\t\t\t\t\t\t\t<\/li>\n\t\t\t\t\t\t\t\t\t<li>\n\t\t\t\t\t\t\t\t\t\t<a href=\"#\" class=\"next icon_small_arrow right_black\"><\/a>\n\t\t\t\t\t\t\t\t\t<\/li>\n\t\t\t\t\t\t\t\t<\/ul><\/div>\n\t\t\t\t\t<\/div>\n\t\t\t\t<\/div><li id=\"gallery-details-dr-jerome-poirier\" class=\"gallery_item_details clearfix\">\n\t\t\t\t\t<div class=\"columns no_width\">\n\t\t\t\t\t\t<div class=\"column_left\"><div class=\"gallery_box \"><span class=\"mc_preloader\"><\/span>\n\t\t\t\t\t\t\t\t\t<img loading=\"lazy\" decoding=\"async\" width=\"480\" height=\"300\" src=\"https:\/\/imagerielescedres.fr\/wp-content\/uploads\/2013\/05\/Dr-Jerome-Poirier-480x300.jpg\" class=\"mc_preload wp-post-image\" alt=\"Dr J\u00e9r\u00f4me Poirier\" title=\"\" \/>\n\t\t\t\t\t\t\t\t\t<ul class=\"controls\">\n\t\t\t\t\t\t\t\t\t\t<li>\n\t\t\t\t\t\t\t\t\t\t\t<a href=\"https:\/\/imagerielescedres.fr\/wp-content\/uploads\/2013\/05\/Dr-Jerome-Poirier.jpg\" class=\"fancybox open_lightbox\" rel=\"featured_2614\" style=\"background-image: url('https:\/\/imagerielescedres.fr\/wp-content\/themes\/medicenter\/images\/icons_media\/blue_light\/image.png')\"><\/a>\n\t\t\t\t\t\t\t\t\t\t<\/li>\n\t\t\t\t\t\t\t\t\t<\/ul><div class=\"description\">\n\t\t\t\t\t\t\t\t\t\t<h3>Dr J\u00e9r\u00f4me Poirier<\/h3>\n\t\t\t\t\t\t\t\t\t\t<h5><\/h5>\n\t\t\t\t\t\t\t\t\t<\/div><\/div><\/div>\n\t\t\t\t\t<div class=\"column_right\">\n\t\t\t\t\t\t<div class=\"details_box\"><h2 class=\"box_header animation-slide\"> Dr J\u00e9r\u00f4me Poirier<\/h2><p>N\u00b0 RPPS\u00a0: 351060124<br \/>\nDES de Radiodiagnostic et d&rsquo;Imagerie M\u00e9dicale<br \/>\nAncien Interne et Chef de Clinique du CHU d&rsquo;Amiens<br \/>\nAncien Praticien Hospitalier du CH de Saint-Malo<\/p>\n<ul class=\"controls page_margin_top\">\n\t\t\t\t\t\t\t\t\t<li>\n\t\t\t\t\t\t\t\t\t\t<a href=\"#gallery-details-close\" class=\"close\"><\/a>\n\t\t\t\t\t\t\t\t\t<\/li>\n\t\t\t\t\t\t\t\t\t<li>\n\t\t\t\t\t\t\t\t\t\t<a href=\"#\" class=\"prev icon_small_arrow left_black\"><\/a>\n\t\t\t\t\t\t\t\t\t<\/li>\n\t\t\t\t\t\t\t\t\t<li>\n\t\t\t\t\t\t\t\t\t\t<a href=\"#\" class=\"next icon_small_arrow right_black\"><\/a>\n\t\t\t\t\t\t\t\t\t<\/li>\n\t\t\t\t\t\t\t\t<\/ul><\/div>\n\t\t\t\t\t<\/div>\n\t\t\t\t<\/div><li id=\"gallery-details-robert-brown-prof\" class=\"gallery_item_details clearfix\">\n\t\t\t\t\t<div class=\"columns no_width\">\n\t\t\t\t\t\t<div class=\"column_left\"><div class=\"gallery_box \"><span class=\"mc_preloader\"><\/span>\n\t\t\t\t\t\t\t\t\t<img loading=\"lazy\" decoding=\"async\" width=\"480\" height=\"300\" src=\"https:\/\/imagerielescedres.fr\/wp-content\/uploads\/2013\/05\/Dr-Lo\u00efc-Sorel-480x300.jpg\" class=\"mc_preload wp-post-image\" alt=\"Dr Lo\u00efc Sorel\" title=\"\" \/>\n\t\t\t\t\t\t\t\t\t<ul class=\"controls\">\n\t\t\t\t\t\t\t\t\t\t<li>\n\t\t\t\t\t\t\t\t\t\t\t<a href=\"https:\/\/imagerielescedres.fr\/wp-content\/uploads\/2013\/05\/Dr-Lo\u00efc-Sorel.jpg\" class=\"fancybox open_lightbox\" rel=\"featured_387\" style=\"background-image: url('https:\/\/imagerielescedres.fr\/wp-content\/themes\/medicenter\/images\/icons_media\/blue_light\/image.png')\"><\/a>\n\t\t\t\t\t\t\t\t\t\t<\/li>\n\t\t\t\t\t\t\t\t\t<\/ul><div class=\"description\">\n\t\t\t\t\t\t\t\t\t\t<h3>Dr Lo\u00efc Sorel<\/h3>\n\t\t\t\t\t\t\t\t\t\t<h5><\/h5>\n\t\t\t\t\t\t\t\t\t<\/div><\/div><\/div>\n\t\t\t\t\t<div class=\"column_right\">\n\t\t\t\t\t\t<div class=\"details_box\"><h2 class=\"box_header animation-slide\"> Dr Lo\u00efc Sorel<\/h2><p><strong>M\u00e9decin radiologue<\/strong><\/p>\n<p>N\u00b0 RPPS\u00a0: 351043930<br \/>\nDES de Radiodiagnostic et d&rsquo;Imagerie M\u00e9dicale<br \/>\nAncien Interne des H\u00f4pitaux de Rennes<br \/>\nAncien Praticien Hospitalier du CH de Saint Malo<\/p>\n<ul class=\"controls page_margin_top\">\n\t\t\t\t\t\t\t\t\t<li>\n\t\t\t\t\t\t\t\t\t\t<a href=\"#gallery-details-close\" class=\"close\"><\/a>\n\t\t\t\t\t\t\t\t\t<\/li>\n\t\t\t\t\t\t\t\t\t<li>\n\t\t\t\t\t\t\t\t\t\t<a href=\"#\" class=\"prev icon_small_arrow left_black\"><\/a>\n\t\t\t\t\t\t\t\t\t<\/li>\n\t\t\t\t\t\t\t\t\t<li>\n\t\t\t\t\t\t\t\t\t\t<a href=\"#\" class=\"next icon_small_arrow right_black\"><\/a>\n\t\t\t\t\t\t\t\t\t<\/li>\n\t\t\t\t\t\t\t\t<\/ul><\/div>\n\t\t\t\t\t<\/div>\n\t\t\t\t<\/div><\/ul><h3 class=\"box_header animation-slide page_margin_top\">Voici notre \u00e9quipe de m\u00e9decins \u00e0 votre \u00e9coute<\/h3><ul class=\"mc_gallery gallery_4_columns\"><li class=\"gallery_box \" id=\"gallery-item-dr-renaud-michardiere\"><span class=\"mc_preloader\"><\/span><img loading=\"lazy\" decoding=\"async\" width=\"225\" height=\"150\" src=\"https:\/\/imagerielescedres.fr\/wp-content\/uploads\/2020\/02\/Dr-Renaud-Michardi\u00e8re-225x150.jpg\" class=\"mc_preload wp-post-image\" alt=\"Dr Renaud Michardi\u00e8re\" title=\"\" \/>\n\t\t\t\t\t\t<div class=\"description\">\n\t\t\t\t\t\t\t<h3>Dr Renaud Michardi\u00e8re<\/h3>\n\t\t\t\t\t\t\t<h5><\/h5>\n\t\t\t\t\t\t<\/div><div class=\"item_details\"><p>M\u00e9decin radiologue<\/p>\n<\/div>\n\t\t\t\t\t\t<ul class=\"controls\">\n\t\t\t\t\t\t\t<li>\n\t\t\t\t\t\t\t\t<a href=\"#gallery-details-dr-renaud-michardiere\" class=\"open_details\" style=\"background-image: url('https:\/\/imagerielescedres.fr\/wp-content\/themes\/medicenter\/images\/icons_media\/blue_light\/details.png')\"><\/a>\n\t\t\t\t\t\t\t<\/li><li><a href=\"https:\/\/imagerielescedres.fr\/wp-content\/uploads\/2020\/02\/Dr-Renaud-Michardi\u00e8re.jpg\" class=\"fancybox open_lightbox\" rel=\"mc_gallery\" style=\"background-image: url('https:\/\/imagerielescedres.fr\/wp-content\/themes\/medicenter\/images\/icons_media\/blue_light\/image.png')\"><\/a>\n\t\t\t\t\t<\/li><\/ul><\/li><li class=\"gallery_box \" id=\"gallery-item-dr-edouard-gardan\"><span class=\"mc_preloader\"><\/span><img loading=\"lazy\" decoding=\"async\" width=\"225\" height=\"150\" src=\"https:\/\/imagerielescedres.fr\/wp-content\/uploads\/2020\/02\/20200113_0923321-225x150.jpg\" class=\"mc_preload wp-post-image\" alt=\"Dr Edouard Gardan\" title=\"\" \/>\n\t\t\t\t\t\t<div class=\"description\">\n\t\t\t\t\t\t\t<h3>Dr Edouard Gardan<\/h3>\n\t\t\t\t\t\t\t<h5><\/h5>\n\t\t\t\t\t\t<\/div><div class=\"item_details\"><p>M\u00e9decin radiologue<\/p>\n<\/div>\n\t\t\t\t\t\t<ul class=\"controls\">\n\t\t\t\t\t\t\t<li>\n\t\t\t\t\t\t\t\t<a href=\"#gallery-details-dr-edouard-gardan\" class=\"open_details\" style=\"background-image: url('https:\/\/imagerielescedres.fr\/wp-content\/themes\/medicenter\/images\/icons_media\/blue_light\/details.png')\"><\/a>\n\t\t\t\t\t\t\t<\/li><li><a href=\"https:\/\/imagerielescedres.fr\/wp-content\/uploads\/2020\/02\/20200113_0923321.jpg\" class=\"fancybox open_lightbox\" rel=\"mc_gallery\" style=\"background-image: url('https:\/\/imagerielescedres.fr\/wp-content\/themes\/medicenter\/images\/icons_media\/blue_light\/image.png')\"><\/a>\n\t\t\t\t\t<\/li><\/ul><\/li><li class=\"gallery_box \" id=\"gallery-item-dr-celine-rozel\"><span class=\"mc_preloader\"><\/span><img loading=\"lazy\" decoding=\"async\" width=\"225\" height=\"150\" src=\"https:\/\/imagerielescedres.fr\/wp-content\/uploads\/2020\/02\/Dr-C\u00e9line-Rozel-225x150.jpg\" class=\"mc_preload wp-post-image\" alt=\"Dr C\u00e9line Rozel\" title=\"\" \/>\n\t\t\t\t\t\t<div class=\"description\">\n\t\t\t\t\t\t\t<h3>Dr C\u00e9line Rozel<\/h3>\n\t\t\t\t\t\t\t<h5><\/h5>\n\t\t\t\t\t\t<\/div><div class=\"item_details\"><p>M\u00e9decin radiologie<\/p>\n<\/div>\n\t\t\t\t\t\t<ul class=\"controls\">\n\t\t\t\t\t\t\t<li>\n\t\t\t\t\t\t\t\t<a href=\"#gallery-details-dr-celine-rozel\" class=\"open_details\" style=\"background-image: url('https:\/\/imagerielescedres.fr\/wp-content\/themes\/medicenter\/images\/icons_media\/blue_light\/details.png')\"><\/a>\n\t\t\t\t\t\t\t<\/li><li><a href=\"https:\/\/imagerielescedres.fr\/wp-content\/uploads\/2020\/02\/Dr-C\u00e9line-Rozel.jpg\" class=\"fancybox open_lightbox\" rel=\"mc_gallery\" style=\"background-image: url('https:\/\/imagerielescedres.fr\/wp-content\/themes\/medicenter\/images\/icons_media\/blue_light\/image.png')\"><\/a>\n\t\t\t\t\t<\/li><\/ul><\/li><li class=\"gallery_box \" id=\"gallery-item-dr-arnaud-deniel\"><span class=\"mc_preloader\"><\/span><img loading=\"lazy\" decoding=\"async\" width=\"225\" height=\"150\" src=\"https:\/\/imagerielescedres.fr\/wp-content\/uploads\/2020\/02\/Dr-Arnaud-Deniel-225x150.jpg\" class=\"mc_preload wp-post-image\" alt=\"Dr Arnaud Deniel\" title=\"\" \/>\n\t\t\t\t\t\t<div class=\"description\">\n\t\t\t\t\t\t\t<h3>Dr Arnaud Deniel<\/h3>\n\t\t\t\t\t\t\t<h5><\/h5>\n\t\t\t\t\t\t<\/div><div class=\"item_details\"><p>M\u00e9decin radiologue<\/p>\n<\/div>\n\t\t\t\t\t\t<ul class=\"controls\">\n\t\t\t\t\t\t\t<li>\n\t\t\t\t\t\t\t\t<a href=\"#gallery-details-dr-arnaud-deniel\" class=\"open_details\" style=\"background-image: url('https:\/\/imagerielescedres.fr\/wp-content\/themes\/medicenter\/images\/icons_media\/blue_light\/details.png')\"><\/a>\n\t\t\t\t\t\t\t<\/li><li><a href=\"https:\/\/imagerielescedres.fr\/wp-content\/uploads\/2020\/02\/Dr-Arnaud-Deniel.jpg\" class=\"fancybox open_lightbox\" rel=\"mc_gallery\" style=\"background-image: url('https:\/\/imagerielescedres.fr\/wp-content\/themes\/medicenter\/images\/icons_media\/blue_light\/image.png')\"><\/a>\n\t\t\t\t\t<\/li><\/ul><\/li><li class=\"gallery_box \" id=\"gallery-item-dr-agathe-cornillot\"><span class=\"mc_preloader\"><\/span><img loading=\"lazy\" decoding=\"async\" width=\"225\" height=\"150\" src=\"https:\/\/imagerielescedres.fr\/wp-content\/uploads\/2014\/09\/Dr-Agathe-Cornillot2-225x150.jpg\" class=\"mc_preload wp-post-image\" alt=\"Dr Agathe Cornillot\" title=\"\" \/>\n\t\t\t\t\t\t<div class=\"description\">\n\t\t\t\t\t\t\t<h3>Dr Agathe Cornillot<\/h3>\n\t\t\t\t\t\t\t<h5><\/h5>\n\t\t\t\t\t\t<\/div><div class=\"item_details\"><p>M\u00e9decin radiologue<\/p>\n<\/div>\n\t\t\t\t\t\t<ul class=\"controls\">\n\t\t\t\t\t\t\t<li>\n\t\t\t\t\t\t\t\t<a href=\"#gallery-details-dr-agathe-cornillot\" class=\"open_details\" style=\"background-image: url('https:\/\/imagerielescedres.fr\/wp-content\/themes\/medicenter\/images\/icons_media\/blue_light\/details.png')\"><\/a>\n\t\t\t\t\t\t\t<\/li><li><a href=\"https:\/\/imagerielescedres.fr\/wp-content\/uploads\/2014\/09\/Dr-Agathe-Cornillot2.jpg\" class=\"fancybox open_lightbox\" rel=\"mc_gallery\" style=\"background-image: url('https:\/\/imagerielescedres.fr\/wp-content\/themes\/medicenter\/images\/icons_media\/blue_light\/image.png')\"><\/a>\n\t\t\t\t\t<\/li><\/ul><\/li><li class=\"gallery_box \" id=\"gallery-item-dr-nicolas-gautier\"><span class=\"mc_preloader\"><\/span><img loading=\"lazy\" decoding=\"async\" width=\"225\" height=\"150\" src=\"https:\/\/imagerielescedres.fr\/wp-content\/uploads\/2014\/09\/GAUTIER-225x150.jpg\" class=\"mc_preload wp-post-image\" alt=\"Dr Nicolas GAUTIER\" title=\"\" srcset=\"https:\/\/imagerielescedres.fr\/wp-content\/uploads\/2014\/09\/GAUTIER-225x150.jpg 225w, https:\/\/imagerielescedres.fr\/wp-content\/uploads\/2014\/09\/GAUTIER-300x200.jpg 300w, https:\/\/imagerielescedres.fr\/wp-content\/uploads\/2014\/09\/GAUTIER-768x512.jpg 768w, https:\/\/imagerielescedres.fr\/wp-content\/uploads\/2014\/09\/GAUTIER.jpg 800w\" sizes=\"(max-width: 225px) 100vw, 225px\" \/>\n\t\t\t\t\t\t<div class=\"description\">\n\t\t\t\t\t\t\t<h3>Dr Nicolas GAUTIER<\/h3>\n\t\t\t\t\t\t\t<h5><\/h5>\n\t\t\t\t\t\t<\/div><div class=\"item_details\"><p>M\u00e9decin radiologue<\/p>\n<\/div>\n\t\t\t\t\t\t<ul class=\"controls\">\n\t\t\t\t\t\t\t<li>\n\t\t\t\t\t\t\t\t<a href=\"#gallery-details-dr-nicolas-gautier\" class=\"open_details\" style=\"background-image: url('https:\/\/imagerielescedres.fr\/wp-content\/themes\/medicenter\/images\/icons_media\/blue_light\/details.png')\"><\/a>\n\t\t\t\t\t\t\t<\/li><li><a href=\"https:\/\/imagerielescedres.fr\/wp-content\/uploads\/2014\/09\/GAUTIER.jpg\" class=\"fancybox open_lightbox\" rel=\"mc_gallery\" style=\"background-image: url('https:\/\/imagerielescedres.fr\/wp-content\/themes\/medicenter\/images\/icons_media\/blue_light\/image.png')\"><\/a>\n\t\t\t\t\t<\/li><\/ul><\/li><li class=\"gallery_box \" id=\"gallery-item-pierrick-batail\"><span class=\"mc_preloader\"><\/span><img loading=\"lazy\" decoding=\"async\" width=\"225\" height=\"150\" src=\"https:\/\/imagerielescedres.fr\/wp-content\/uploads\/2014\/09\/batail-225x150.jpg\" class=\"mc_preload wp-post-image\" alt=\"Dr Pierrick Batail\" title=\"\" \/>\n\t\t\t\t\t\t<div class=\"description\">\n\t\t\t\t\t\t\t<h3>Dr Pierrick Batail<\/h3>\n\t\t\t\t\t\t\t<h5><\/h5>\n\t\t\t\t\t\t<\/div><div class=\"item_details\"><p>M\u00e9decin radiologue<\/p>\n<\/div>\n\t\t\t\t\t\t<ul class=\"controls\">\n\t\t\t\t\t\t\t<li>\n\t\t\t\t\t\t\t\t<a href=\"#gallery-details-pierrick-batail\" class=\"open_details\" style=\"background-image: url('https:\/\/imagerielescedres.fr\/wp-content\/themes\/medicenter\/images\/icons_media\/blue_light\/details.png')\"><\/a>\n\t\t\t\t\t\t\t<\/li><li><a href=\"https:\/\/imagerielescedres.fr\/wp-content\/uploads\/2014\/09\/batail.jpg\" class=\"fancybox open_lightbox\" rel=\"mc_gallery\" style=\"background-image: url('https:\/\/imagerielescedres.fr\/wp-content\/themes\/medicenter\/images\/icons_media\/blue_light\/image.png')\"><\/a>\n\t\t\t\t\t<\/li><\/ul><\/li><li class=\"gallery_box \" id=\"gallery-item-frederic-brunet\"><span class=\"mc_preloader\"><\/span><img loading=\"lazy\" decoding=\"async\" width=\"225\" height=\"150\" src=\"https:\/\/imagerielescedres.fr\/wp-content\/uploads\/2013\/05\/Dr-Frederic-Brunet1-225x150.jpg\" class=\"mc_preload wp-post-image\" alt=\"Dr Fr\u00e9d\u00e9ric Brunet\" title=\"\" srcset=\"https:\/\/imagerielescedres.fr\/wp-content\/uploads\/2013\/05\/Dr-Frederic-Brunet1-225x150.jpg 225w, https:\/\/imagerielescedres.fr\/wp-content\/uploads\/2013\/05\/Dr-Frederic-Brunet1-300x199.jpg 300w, https:\/\/imagerielescedres.fr\/wp-content\/uploads\/2013\/05\/Dr-Frederic-Brunet1.jpg 500w\" sizes=\"(max-width: 225px) 100vw, 225px\" \/>\n\t\t\t\t\t\t<div class=\"description\">\n\t\t\t\t\t\t\t<h3>Dr Fr\u00e9d\u00e9ric Brunet<\/h3>\n\t\t\t\t\t\t\t<h5><\/h5>\n\t\t\t\t\t\t<\/div><div class=\"item_details\"><p>M\u00e9decin radiologue<\/p>\n<\/div>\n\t\t\t\t\t\t<ul class=\"controls\">\n\t\t\t\t\t\t\t<li>\n\t\t\t\t\t\t\t\t<a href=\"#gallery-details-frederic-brunet\" class=\"open_details\" style=\"background-image: url('https:\/\/imagerielescedres.fr\/wp-content\/themes\/medicenter\/images\/icons_media\/blue_light\/details.png')\"><\/a>\n\t\t\t\t\t\t\t<\/li><li><a href=\"https:\/\/imagerielescedres.fr\/wp-content\/uploads\/2013\/05\/Dr-Frederic-Brunet1.jpg\" class=\"fancybox open_lightbox\" rel=\"mc_gallery\" style=\"background-image: url('https:\/\/imagerielescedres.fr\/wp-content\/themes\/medicenter\/images\/icons_media\/blue_light\/image.png')\"><\/a>\n\t\t\t\t\t<\/li><\/ul><\/li><li class=\"gallery_box \" id=\"gallery-item-clare-mitchell-prof\"><span class=\"mc_preloader\"><\/span><img loading=\"lazy\" decoding=\"async\" width=\"225\" height=\"150\" src=\"https:\/\/imagerielescedres.fr\/wp-content\/uploads\/2013\/05\/Dr-Jean-Francois-Brunet-225x150.png\" class=\"mc_preload wp-post-image\" alt=\"Dr Jean-Fran\u00e7ois Brunet\" title=\"\" srcset=\"https:\/\/imagerielescedres.fr\/wp-content\/uploads\/2013\/05\/Dr-Jean-Francois-Brunet-225x150.png 225w, https:\/\/imagerielescedres.fr\/wp-content\/uploads\/2013\/05\/Dr-Jean-Francois-Brunet-300x199.png 300w, https:\/\/imagerielescedres.fr\/wp-content\/uploads\/2013\/05\/Dr-Jean-Francois-Brunet.png 500w\" sizes=\"(max-width: 225px) 100vw, 225px\" \/>\n\t\t\t\t\t\t<div class=\"description\">\n\t\t\t\t\t\t\t<h3>Dr Jean-Fran\u00e7ois Brunet<\/h3>\n\t\t\t\t\t\t\t<h5><\/h5>\n\t\t\t\t\t\t<\/div><div class=\"item_details\"><p>M\u00e9decin radiologue<\/p>\n<\/div>\n\t\t\t\t\t\t<ul class=\"controls\">\n\t\t\t\t\t\t\t<li>\n\t\t\t\t\t\t\t\t<a href=\"#gallery-details-clare-mitchell-prof\" class=\"open_details\" style=\"background-image: url('https:\/\/imagerielescedres.fr\/wp-content\/themes\/medicenter\/images\/icons_media\/blue_light\/details.png')\"><\/a>\n\t\t\t\t\t\t\t<\/li><li><a href=\"https:\/\/imagerielescedres.fr\/wp-content\/uploads\/2013\/05\/Dr-Jean-Francois-Brunet.png\" class=\"fancybox open_lightbox\" rel=\"mc_gallery\" style=\"background-image: url('https:\/\/imagerielescedres.fr\/wp-content\/themes\/medicenter\/images\/icons_media\/blue_light\/image.png')\"><\/a>\n\t\t\t\t\t<\/li><\/ul><\/li><li class=\"gallery_box \" id=\"gallery-item-tanguy-gauthier\"><span class=\"mc_preloader\"><\/span><img loading=\"lazy\" decoding=\"async\" width=\"225\" height=\"150\" src=\"https:\/\/imagerielescedres.fr\/wp-content\/uploads\/2013\/05\/Dr-Tanguy-Gauthier-225x150.jpg\" class=\"mc_preload wp-post-image\" alt=\"Dr Tanguy Gauthier\" title=\"\" srcset=\"https:\/\/imagerielescedres.fr\/wp-content\/uploads\/2013\/05\/Dr-Tanguy-Gauthier-225x150.jpg 225w, https:\/\/imagerielescedres.fr\/wp-content\/uploads\/2013\/05\/Dr-Tanguy-Gauthier-300x200.jpg 300w, https:\/\/imagerielescedres.fr\/wp-content\/uploads\/2013\/05\/Dr-Tanguy-Gauthier.jpg 500w\" sizes=\"(max-width: 225px) 100vw, 225px\" \/>\n\t\t\t\t\t\t<div class=\"description\">\n\t\t\t\t\t\t\t<h3>Dr Tanguy Gauthier<\/h3>\n\t\t\t\t\t\t\t<h5><\/h5>\n\t\t\t\t\t\t<\/div><div class=\"item_details\"><p>M\u00e9decin radiologue<\/p>\n<\/div>\n\t\t\t\t\t\t<ul class=\"controls\">\n\t\t\t\t\t\t\t<li>\n\t\t\t\t\t\t\t\t<a href=\"#gallery-details-tanguy-gauthier\" class=\"open_details\" style=\"background-image: url('https:\/\/imagerielescedres.fr\/wp-content\/themes\/medicenter\/images\/icons_media\/blue_light\/details.png')\"><\/a>\n\t\t\t\t\t\t\t<\/li><li><a href=\"https:\/\/imagerielescedres.fr\/wp-content\/uploads\/2013\/05\/Dr-Tanguy-Gauthier.jpg\" class=\"fancybox open_lightbox\" rel=\"mc_gallery\" style=\"background-image: url('https:\/\/imagerielescedres.fr\/wp-content\/themes\/medicenter\/images\/icons_media\/blue_light\/image.png')\"><\/a>\n\t\t\t\t\t<\/li><\/ul><\/li><li class=\"gallery_box \" id=\"gallery-item-dr-zouhaier-jrad\"><span class=\"mc_preloader\"><\/span><img loading=\"lazy\" decoding=\"async\" width=\"225\" height=\"150\" src=\"https:\/\/imagerielescedres.fr\/wp-content\/uploads\/2014\/09\/Dr-Zouhaier-Jrad-225x150.jpg\" class=\"mc_preload wp-post-image\" alt=\"Dr Zouhaier Jrad\" title=\"\" srcset=\"https:\/\/imagerielescedres.fr\/wp-content\/uploads\/2014\/09\/Dr-Zouhaier-Jrad-225x150.jpg 225w, https:\/\/imagerielescedres.fr\/wp-content\/uploads\/2014\/09\/Dr-Zouhaier-Jrad-300x199.jpg 300w, https:\/\/imagerielescedres.fr\/wp-content\/uploads\/2014\/09\/Dr-Zouhaier-Jrad.jpg 500w\" sizes=\"(max-width: 225px) 100vw, 225px\" \/>\n\t\t\t\t\t\t<div class=\"description\">\n\t\t\t\t\t\t\t<h3>Dr Zouhaier Jrad<\/h3>\n\t\t\t\t\t\t\t<h5><\/h5>\n\t\t\t\t\t\t<\/div><div class=\"item_details\"><p>M\u00e9decin radiologue<\/p>\n<\/div>\n\t\t\t\t\t\t<ul class=\"controls\">\n\t\t\t\t\t\t\t<li>\n\t\t\t\t\t\t\t\t<a href=\"#gallery-details-dr-zouhaier-jrad\" class=\"open_details\" style=\"background-image: url('https:\/\/imagerielescedres.fr\/wp-content\/themes\/medicenter\/images\/icons_media\/blue_light\/details.png')\"><\/a>\n\t\t\t\t\t\t\t<\/li><li><a href=\"https:\/\/imagerielescedres.fr\/wp-content\/uploads\/2014\/09\/Dr-Zouhaier-Jrad.jpg\" class=\"fancybox open_lightbox\" rel=\"mc_gallery\" style=\"background-image: url('https:\/\/imagerielescedres.fr\/wp-content\/themes\/medicenter\/images\/icons_media\/blue_light\/image.png')\"><\/a>\n\t\t\t\t\t<\/li><\/ul><\/li><li class=\"gallery_box \" id=\"gallery-item-greta-midler\"><span class=\"mc_preloader\"><\/span><img loading=\"lazy\" decoding=\"async\" width=\"225\" height=\"150\" src=\"https:\/\/imagerielescedres.fr\/wp-content\/uploads\/2013\/05\/Dr-Catherine-Louail-Tabourel-225x150.jpg\" class=\"mc_preload wp-post-image\" alt=\"Dr Catherine Louail-Tabourel\" title=\"\" srcset=\"https:\/\/imagerielescedres.fr\/wp-content\/uploads\/2013\/05\/Dr-Catherine-Louail-Tabourel-225x150.jpg 225w, https:\/\/imagerielescedres.fr\/wp-content\/uploads\/2013\/05\/Dr-Catherine-Louail-Tabourel-300x199.jpg 300w, https:\/\/imagerielescedres.fr\/wp-content\/uploads\/2013\/05\/Dr-Catherine-Louail-Tabourel.jpg 500w\" sizes=\"(max-width: 225px) 100vw, 225px\" \/>\n\t\t\t\t\t\t<div class=\"description\">\n\t\t\t\t\t\t\t<h3>Dr Catherine Louail-Tabourel<\/h3>\n\t\t\t\t\t\t\t<h5><\/h5>\n\t\t\t\t\t\t<\/div><div class=\"item_details\"><p>M\u00e9decin radiologue<\/p>\n<\/div>\n\t\t\t\t\t\t<ul class=\"controls\">\n\t\t\t\t\t\t\t<li>\n\t\t\t\t\t\t\t\t<a href=\"#gallery-details-greta-midler\" class=\"open_details\" style=\"background-image: url('https:\/\/imagerielescedres.fr\/wp-content\/themes\/medicenter\/images\/icons_media\/blue_light\/details.png')\"><\/a>\n\t\t\t\t\t\t\t<\/li><li><a href=\"https:\/\/imagerielescedres.fr\/wp-content\/uploads\/2013\/05\/Dr-Catherine-Louail-Tabourel.jpg\" class=\"fancybox open_lightbox\" rel=\"mc_gallery\" style=\"background-image: url('https:\/\/imagerielescedres.fr\/wp-content\/themes\/medicenter\/images\/icons_media\/blue_light\/image.png')\"><\/a>\n\t\t\t\t\t<\/li><\/ul><\/li><li class=\"gallery_box \" id=\"gallery-item-dr-yves-letilly\"><span class=\"mc_preloader\"><\/span><img loading=\"lazy\" decoding=\"async\" width=\"225\" height=\"150\" src=\"https:\/\/imagerielescedres.fr\/wp-content\/uploads\/2014\/09\/GAREL-225x150.jpg\" class=\"mc_preload wp-post-image\" alt=\"Dr Charles Garel\" title=\"\" srcset=\"https:\/\/imagerielescedres.fr\/wp-content\/uploads\/2014\/09\/GAREL-225x150.jpg 225w, https:\/\/imagerielescedres.fr\/wp-content\/uploads\/2014\/09\/GAREL-300x200.jpg 300w, https:\/\/imagerielescedres.fr\/wp-content\/uploads\/2014\/09\/GAREL-768x512.jpg 768w, https:\/\/imagerielescedres.fr\/wp-content\/uploads\/2014\/09\/GAREL.jpg 800w\" sizes=\"(max-width: 225px) 100vw, 225px\" \/>\n\t\t\t\t\t\t<div class=\"description\">\n\t\t\t\t\t\t\t<h3>Dr Charles Garel<\/h3>\n\t\t\t\t\t\t\t<h5><\/h5>\n\t\t\t\t\t\t<\/div><div class=\"item_details\"><p>M\u00e9decin radiologue<\/p>\n<\/div>\n\t\t\t\t\t\t<ul class=\"controls\">\n\t\t\t\t\t\t\t<li>\n\t\t\t\t\t\t\t\t<a href=\"#gallery-details-dr-yves-letilly\" class=\"open_details\" style=\"background-image: url('https:\/\/imagerielescedres.fr\/wp-content\/themes\/medicenter\/images\/icons_media\/blue_light\/details.png')\"><\/a>\n\t\t\t\t\t\t\t<\/li><li><a href=\"https:\/\/imagerielescedres.fr\/wp-content\/uploads\/2014\/09\/GAREL.jpg\" class=\"fancybox open_lightbox\" rel=\"mc_gallery\" style=\"background-image: url('https:\/\/imagerielescedres.fr\/wp-content\/themes\/medicenter\/images\/icons_media\/blue_light\/image.png')\"><\/a>\n\t\t\t\t\t<\/li><\/ul><\/li><li class=\"gallery_box \" id=\"gallery-item-dr-gilles-nicolas\"><span class=\"mc_preloader\"><\/span><img loading=\"lazy\" decoding=\"async\" width=\"225\" height=\"150\" src=\"https:\/\/imagerielescedres.fr\/wp-content\/uploads\/2014\/09\/Dr-Gilles-Nicolas-225x150.png\" class=\"mc_preload wp-post-image\" alt=\"Dr Gilles  Nicolas\" title=\"\" srcset=\"https:\/\/imagerielescedres.fr\/wp-content\/uploads\/2014\/09\/Dr-Gilles-Nicolas-225x150.png 225w, https:\/\/imagerielescedres.fr\/wp-content\/uploads\/2014\/09\/Dr-Gilles-Nicolas-300x200.png 300w, https:\/\/imagerielescedres.fr\/wp-content\/uploads\/2014\/09\/Dr-Gilles-Nicolas.png 500w\" sizes=\"(max-width: 225px) 100vw, 225px\" \/>\n\t\t\t\t\t\t<div class=\"description\">\n\t\t\t\t\t\t\t<h3>Dr Gilles  Nicolas<\/h3>\n\t\t\t\t\t\t\t<h5><\/h5>\n\t\t\t\t\t\t<\/div><div class=\"item_details\"><p>M\u00e9decin radiologue<\/p>\n<\/div>\n\t\t\t\t\t\t<ul class=\"controls\">\n\t\t\t\t\t\t\t<li>\n\t\t\t\t\t\t\t\t<a href=\"#gallery-details-dr-gilles-nicolas\" class=\"open_details\" style=\"background-image: url('https:\/\/imagerielescedres.fr\/wp-content\/themes\/medicenter\/images\/icons_media\/blue_light\/details.png')\"><\/a>\n\t\t\t\t\t\t\t<\/li><li><a href=\"https:\/\/imagerielescedres.fr\/wp-content\/uploads\/2014\/09\/Dr-Gilles-Nicolas.png\" class=\"fancybox open_lightbox\" rel=\"mc_gallery\" style=\"background-image: url('https:\/\/imagerielescedres.fr\/wp-content\/themes\/medicenter\/images\/icons_media\/blue_light\/image.png')\"><\/a>\n\t\t\t\t\t<\/li><\/ul><\/li><li class=\"gallery_box \" id=\"gallery-item-dr-nicolas-morcet\"><span class=\"mc_preloader\"><\/span><img loading=\"lazy\" decoding=\"async\" width=\"225\" height=\"150\" src=\"https:\/\/imagerielescedres.fr\/wp-content\/uploads\/2014\/09\/Dr-Nicolas-Morcet-225x150.png\" class=\"mc_preload wp-post-image\" alt=\"Dr Nicolas Morcet\" title=\"\" srcset=\"https:\/\/imagerielescedres.fr\/wp-content\/uploads\/2014\/09\/Dr-Nicolas-Morcet-225x150.png 225w, https:\/\/imagerielescedres.fr\/wp-content\/uploads\/2014\/09\/Dr-Nicolas-Morcet-300x199.png 300w, https:\/\/imagerielescedres.fr\/wp-content\/uploads\/2014\/09\/Dr-Nicolas-Morcet.png 500w\" sizes=\"(max-width: 225px) 100vw, 225px\" \/>\n\t\t\t\t\t\t<div class=\"description\">\n\t\t\t\t\t\t\t<h3>Dr Nicolas Morcet<\/h3>\n\t\t\t\t\t\t\t<h5><\/h5>\n\t\t\t\t\t\t<\/div><div class=\"item_details\"><p>M\u00e9decin radiologue<\/p>\n<\/div>\n\t\t\t\t\t\t<ul class=\"controls\">\n\t\t\t\t\t\t\t<li>\n\t\t\t\t\t\t\t\t<a href=\"#gallery-details-dr-nicolas-morcet\" class=\"open_details\" style=\"background-image: url('https:\/\/imagerielescedres.fr\/wp-content\/themes\/medicenter\/images\/icons_media\/blue_light\/details.png')\"><\/a>\n\t\t\t\t\t\t\t<\/li><li><a href=\"https:\/\/imagerielescedres.fr\/wp-content\/uploads\/2014\/09\/Dr-Nicolas-Morcet.png\" class=\"fancybox open_lightbox\" rel=\"mc_gallery\" style=\"background-image: url('https:\/\/imagerielescedres.fr\/wp-content\/themes\/medicenter\/images\/icons_media\/blue_light\/image.png')\"><\/a>\n\t\t\t\t\t<\/li><\/ul><\/li><li class=\"gallery_box \" id=\"gallery-item-ann-blyumin-prof\"><span class=\"mc_preloader\"><\/span><img loading=\"lazy\" decoding=\"async\" width=\"225\" height=\"150\" src=\"https:\/\/imagerielescedres.fr\/wp-content\/uploads\/2013\/05\/Dr-Christelle-Poirier-225x150.jpg\" class=\"mc_preload wp-post-image\" alt=\"Dr Christelle Poirier\" title=\"\" srcset=\"https:\/\/imagerielescedres.fr\/wp-content\/uploads\/2013\/05\/Dr-Christelle-Poirier-225x150.jpg 225w, https:\/\/imagerielescedres.fr\/wp-content\/uploads\/2013\/05\/Dr-Christelle-Poirier-300x199.jpg 300w, https:\/\/imagerielescedres.fr\/wp-content\/uploads\/2013\/05\/Dr-Christelle-Poirier.jpg 500w\" sizes=\"(max-width: 225px) 100vw, 225px\" \/>\n\t\t\t\t\t\t<div class=\"description\">\n\t\t\t\t\t\t\t<h3>Dr Christelle Poirier<\/h3>\n\t\t\t\t\t\t\t<h5><\/h5>\n\t\t\t\t\t\t<\/div><div class=\"item_details\"><p>M\u00e9decin radiologue<\/p>\n<\/div>\n\t\t\t\t\t\t<ul class=\"controls\">\n\t\t\t\t\t\t\t<li>\n\t\t\t\t\t\t\t\t<a href=\"#gallery-details-ann-blyumin-prof\" class=\"open_details\" style=\"background-image: url('https:\/\/imagerielescedres.fr\/wp-content\/themes\/medicenter\/images\/icons_media\/blue_light\/details.png')\"><\/a>\n\t\t\t\t\t\t\t<\/li><li><a href=\"https:\/\/imagerielescedres.fr\/wp-content\/uploads\/2013\/05\/Dr-Christelle-Poirier.jpg\" class=\"fancybox open_lightbox\" rel=\"mc_gallery\" style=\"background-image: url('https:\/\/imagerielescedres.fr\/wp-content\/themes\/medicenter\/images\/icons_media\/blue_light\/image.png')\"><\/a>\n\t\t\t\t\t<\/li><\/ul><\/li><li class=\"gallery_box \" id=\"gallery-item-dr-jerome-poirier\"><span class=\"mc_preloader\"><\/span><img loading=\"lazy\" decoding=\"async\" width=\"225\" height=\"150\" src=\"https:\/\/imagerielescedres.fr\/wp-content\/uploads\/2013\/05\/Dr-Jerome-Poirier-225x150.jpg\" class=\"mc_preload wp-post-image\" alt=\"Dr J\u00e9r\u00f4me Poirier\" title=\"\" srcset=\"https:\/\/imagerielescedres.fr\/wp-content\/uploads\/2013\/05\/Dr-Jerome-Poirier-225x150.jpg 225w, https:\/\/imagerielescedres.fr\/wp-content\/uploads\/2013\/05\/Dr-Jerome-Poirier-300x199.jpg 300w, https:\/\/imagerielescedres.fr\/wp-content\/uploads\/2013\/05\/Dr-Jerome-Poirier.jpg 500w\" sizes=\"(max-width: 225px) 100vw, 225px\" \/>\n\t\t\t\t\t\t<div class=\"description\">\n\t\t\t\t\t\t\t<h3>Dr J\u00e9r\u00f4me Poirier<\/h3>\n\t\t\t\t\t\t\t<h5><\/h5>\n\t\t\t\t\t\t<\/div><div class=\"item_details\"><p>M\u00e9decin radiologue<\/p>\n<\/div>\n\t\t\t\t\t\t<ul class=\"controls\">\n\t\t\t\t\t\t\t<li>\n\t\t\t\t\t\t\t\t<a href=\"#gallery-details-dr-jerome-poirier\" class=\"open_details\" style=\"background-image: url('https:\/\/imagerielescedres.fr\/wp-content\/themes\/medicenter\/images\/icons_media\/blue_light\/details.png')\"><\/a>\n\t\t\t\t\t\t\t<\/li><li><a href=\"https:\/\/imagerielescedres.fr\/wp-content\/uploads\/2013\/05\/Dr-Jerome-Poirier.jpg\" class=\"fancybox open_lightbox\" rel=\"mc_gallery\" style=\"background-image: url('https:\/\/imagerielescedres.fr\/wp-content\/themes\/medicenter\/images\/icons_media\/blue_light\/image.png')\"><\/a>\n\t\t\t\t\t<\/li><\/ul><\/li><li class=\"gallery_box \" id=\"gallery-item-robert-brown-prof\"><span class=\"mc_preloader\"><\/span><img loading=\"lazy\" decoding=\"async\" width=\"225\" height=\"150\" src=\"https:\/\/imagerielescedres.fr\/wp-content\/uploads\/2013\/05\/Dr-Lo\u00efc-Sorel-225x150.jpg\" class=\"mc_preload wp-post-image\" alt=\"Dr Lo\u00efc Sorel\" title=\"\" srcset=\"https:\/\/imagerielescedres.fr\/wp-content\/uploads\/2013\/05\/Dr-Lo\u00efc-Sorel-225x150.jpg 225w, https:\/\/imagerielescedres.fr\/wp-content\/uploads\/2013\/05\/Dr-Lo\u00efc-Sorel-300x199.jpg 300w, https:\/\/imagerielescedres.fr\/wp-content\/uploads\/2013\/05\/Dr-Lo\u00efc-Sorel.jpg 500w\" sizes=\"(max-width: 225px) 100vw, 225px\" \/>\n\t\t\t\t\t\t<div class=\"description\">\n\t\t\t\t\t\t\t<h3>Dr Lo\u00efc Sorel<\/h3>\n\t\t\t\t\t\t\t<h5><\/h5>\n\t\t\t\t\t\t<\/div><div class=\"item_details\"><p>M\u00e9decin radiologue<\/p>\n<\/div>\n\t\t\t\t\t\t<ul class=\"controls\">\n\t\t\t\t\t\t\t<li>\n\t\t\t\t\t\t\t\t<a href=\"#gallery-details-robert-brown-prof\" class=\"open_details\" style=\"background-image: url('https:\/\/imagerielescedres.fr\/wp-content\/themes\/medicenter\/images\/icons_media\/blue_light\/details.png')\"><\/a>\n\t\t\t\t\t\t\t<\/li><li><a href=\"https:\/\/imagerielescedres.fr\/wp-content\/uploads\/2013\/05\/Dr-Lo\u00efc-Sorel.jpg\" class=\"fancybox open_lightbox\" rel=\"mc_gallery\" style=\"background-image: url('https:\/\/imagerielescedres.fr\/wp-content\/themes\/medicenter\/images\/icons_media\/blue_light\/image.png')\"><\/a>\n\t\t\t\t\t<\/li><\/ul><\/li><\/ul>[\/vc_column][\/vc_row]<\/p>\n","protected":false},"excerpt":{"rendered":"<p>[vc_row top_margin=\u00a0\u00bbnone\u00a0\u00bb el_position=\u00a0\u00bbfirst last\u00a0\u00bb][vc_column top_margin=\u00a0\u00bbnone\u00a0\u00bb][\/vc_column][\/vc_row]<\/p>\n","protected":false},"author":1,"featured_media":0,"parent":0,"menu_order":0,"comment_status":"closed","ping_status":"closed","template":"","meta":{"footnotes":""},"_links":{"self":[{"href":"https:\/\/imagerielescedres.fr\/index.php?rest_route=\/wp\/v2\/pages\/394"}],"collection":[{"href":"https:\/\/imagerielescedres.fr\/index.php?rest_route=\/wp\/v2\/pages"}],"about":[{"href":"https:\/\/imagerielescedres.fr\/index.php?rest_route=\/wp\/v2\/types\/page"}],"author":[{"embeddable":true,"href":"https:\/\/imagerielescedres.fr\/index.php?rest_route=\/wp\/v2\/users\/1"}],"replies":[{"embeddable":true,"href":"https:\/\/imagerielescedres.fr\/index.php?rest_route=%2Fwp%2Fv2%2Fcomments&post=394"}],"version-history":[{"count":21,"href":"https:\/\/imagerielescedres.fr\/index.php?rest_route=\/wp\/v2\/pages\/394\/revisions"}],"predecessor-version":[{"id":3580,"href":"https:\/\/imagerielescedres.fr\/index.php?rest_route=\/wp\/v2\/pages\/394\/revisions\/3580"}],"wp:attachment":[{"href":"https:\/\/imagerielescedres.fr\/index.php?rest_route=%2Fwp%2Fv2%2Fmedia&parent=394"}],"curies":[{"name":"wp","href":"https:\/\/api.w.org\/{rel}","templated":true}]}}